{"id":6140,"date":"2024-08-25T13:23:00","date_gmt":"2024-08-25T11:23:00","guid":{"rendered":"https:\/\/dev.tierschutz.com\/?post_type=exhibit&#038;p=6140"},"modified":"2025-09-03T11:45:23","modified_gmt":"2025-09-03T09:45:23","slug":"exposition-canine-internationale-a-lucerne","status":"publish","type":"exhibit","link":"https:\/\/mail.schweizertierschutz.ch\/fr\/exhibit\/exposition-canine-internationale-a-lucerne\/","title":{"rendered":"Exposition canine internationale \u00e0 Lucerne"},"content":{"rendered":"\n<div class=\"wp-block-cover alignfull is-light\"><img loading=\"lazy\" decoding=\"async\" width=\"975\" height=\"640\" class=\"wp-block-cover__image-background wp-image-2842\" alt=\"Ein weiss braun schwarzer Hund an einer Leine der nach oben schaut\" src=\"https:\/\/tierschutz.com\/app\/uploads\/2023\/06\/STS-Internationale-Hundeaustellung-Luzern.jpg\" style=\"object-position:57% 39%\" data-object-fit=\"cover\" data-object-position=\"57% 39%\" srcset=\"https:\/\/mail.schweizertierschutz.ch\/app\/uploads\/2023\/06\/STS-Internationale-Hundeaustellung-Luzern.jpg 975w, https:\/\/mail.schweizertierschutz.ch\/app\/uploads\/2023\/06\/STS-Internationale-Hundeaustellung-Luzern-300x197.jpg 300w, https:\/\/mail.schweizertierschutz.ch\/app\/uploads\/2023\/06\/STS-Internationale-Hundeaustellung-Luzern-768x504.jpg 768w\" sizes=\"auto, (max-width: 975px) 100vw, 975px\" \/><span aria-hidden=\"true\" class=\"wp-block-cover__background has-black-background-color has-background-dim-20 has-background-dim\"><\/span><div class=\"wp-block-cover__inner-container is-layout-flow wp-block-cover-is-layout-flow\">\n<h2 class=\"wp-block-heading has-text-align-center has-background-color has-text-color\" id=\"h-exposition-canine-internationale-a-lucerne\"><strong>Exposition canine internationale <\/strong><br><strong>\u00e0 Lucerne<\/strong><\/h2>\n<\/div><\/div>\n\n\n\n<div class=\"wp-block-group alignfull has-background-background-color has-background is-layout-constrained wp-block-group-is-layout-constrained\">\n<h1 class=\"wp-block-heading has-text-align-center\" id=\"h-exposition-canine-internationale-a-lucerne-0\"><strong><strong>Exposition canine internationale <\/strong><br><strong>\u00e0 Lucerne<\/strong><\/strong><\/h1>\n\n\n\n<hr class=\"wp-block-separator has-text-color has-primary-color has-alpha-channel-opacity has-primary-background-color has-background\"\/>\n\n\n\n<div class=\"wp-block-group is-content-justification-center is-layout-constrained wp-container-core-group-is-layout-84a809c4 wp-block-group-is-layout-constrained\">\n<div class=\"wp-block-group is-content-justification-space-between is-nowrap is-layout-flex wp-container-core-group-is-layout-cb46ffcb wp-block-group-is-layout-flex\">\n<p><mark style=\"background-color:rgba(0, 0, 0, 0)\" class=\"has-inline-color has-secondary-color\"><strong>24\/25 ao\u00fbt 2024, visit\u00e9 le 25 ao\u00fbt 2024<\/strong><\/mark><\/p>\n\n\n<div class=\"taxonomy-category has-text-color has-secondary-color has-background has-background-background-color wp-block-post-terms\"><div href=\"https:\/\/mail.schweizertierschutz.ch\/exhibit-tag\/update\/\" rel=\"tag\">Update<\/div><\/div><\/div>\n\n\n\n<h3 class=\"wp-block-heading\" id=\"h-protection-des-animaux-ameliorations-et-defis\"><strong>Protection des animaux, am\u00e9liorations et d\u00e9fis<\/strong><\/h3>\n\n\n\n<p><strong>L&#8217;exposition canine internationale de Lucerne 2024 est l&#8217;un des \u00e9v\u00e9nements consacr\u00e9s aux animaux les plus importants de Suisse. Elle a attir\u00e9 des milliers de chiens de races tr\u00e8s diverses ainsi que de nombreux visiteurs \u00e0 l&#8217;Allmend de Lucerne. Organis\u00e9e par la Soci\u00e9t\u00e9 cynologique suisse (SCS), l&#8217;exposition a mis cette ann\u00e9e l&#8217;accent sur le bien-\u00eatre animal : pour la premi\u00e8re fois, un code de conduite complet a \u00e9t\u00e9 introduit et clairement affich\u00e9 \u00e0 toutes les entr\u00e9es et sur le site. Ce code r\u00e9git le traitement des chiens expos\u00e9s et pr\u00e9sente de mani\u00e8re clairement visible les choses \u00e0 faire et \u00e0 ne pas faire pour les exposants et les visiteurs \u2013 une mesure importante que la Protection suisse des animaux PSA r\u00e9clamait depuis des ann\u00e9es.<\/strong><\/p>\n\n\n\n<p>Malgr\u00e9 cette \u00e9volution positive, des lacunes en mati\u00e8re de protection des animaux ont continu\u00e9 \u00e0 \u00eatre constat\u00e9es. La PSA a notamment critiqu\u00e9 le traitement toujours brutal de certains chiens : des colliers trop serr\u00e9s, des laisses tir\u00e9es vers le haut et de longs temps d&#8217;attente dans des cages trop petites ou sur des tables de toilettage ont \u00e9t\u00e9 observ\u00e9s dans certains cas. L&#8217;exposition de chiens issus d&#8217;\u00e9levages dits \u00ab extr\u00eames \u00bb pr\u00e9sentant des caract\u00e9ristiques \u00e9videntes de s\u00e9lection douloureuse (par exemple, plis excessifs, probl\u00e8mes respiratoires, boiterie) reste \u00e9galement un probl\u00e8me grave. Bien que les contr\u00f4les v\u00e9t\u00e9rinaires officiels aient \u00e9t\u00e9 effectu\u00e9s, des animaux pr\u00e9sentant des probl\u00e8mes de sant\u00e9 \u00e9vidents ont \u00e9t\u00e9 admis \u00e0 l&#8217;exposition et ont particip\u00e9 au concours, ce qui constitue une violation flagrante des dispositions relatives \u00e0 la protection des animaux. Le manque d&#8217;espace pour se retirer et le stress caus\u00e9 par l&#8217;exigu\u00eft\u00e9 des lieux ont \u00e9galement \u00e9t\u00e9 critiqu\u00e9s.<\/p>\n\n\n\n<p>La Protection Suisse des Animaux PSA exige des am\u00e9liorations durables de la part de tous les organisateurs et participants :<\/p>\n\n\n\n<ul class=\"wp-block-list\">\n<li><strong>Respect strict des r\u00e8gles de protection des animaux et du code de conduite<\/strong>\u00a0: les mauvais traitements et les \u00e9levages extr\u00eames pr\u00e9sentant des caract\u00e9ristiques d&#8217;\u00e9levage cruel doivent \u00eatre syst\u00e9matiquement exclus.<\/li>\n\n\n\n<li><strong>Plus de contr\u00f4les et de sanctions<\/strong>\u00a0en cas d&#8217;infractions : les infractions aux r\u00e8gles doivent \u00eatre imm\u00e9diatement sanctionn\u00e9es par les responsables et les juges.<\/li>\n\n\n\n<li><strong>Meilleures conditions de d\u00e9tention et d&#8217;h\u00e9bergement<\/strong>\u00a0: les chiens expos\u00e9s doivent disposer de suffisamment d&#8217;espace, de possibilit\u00e9s de se retirer et d&#8217;un acc\u00e8s \u00e0 l&#8217;eau, et ce pendant toute la dur\u00e9e de l&#8217;exposition.<\/li>\n\n\n\n<li><strong>Priorit\u00e9 \u00e0 la qualit\u00e9 dans la s\u00e9lection des reproducteurs<\/strong>\u00a0: l&#8217;\u00e9valuation des chiens doit \u00eatre ax\u00e9e en premier lieu sur la sant\u00e9 et le bien-\u00eatre des animaux, et non sur des caract\u00e9ristiques physiques li\u00e9es \u00e0 l&#8217;\u00e9levage.<\/li>\n\n\n\n<li><strong>Comportement exemplaire<\/strong>\u00a0: les organisateurs, les exposants et les \u00e9leveurs doivent transmettre aux visiteurs un comportement respectueux et bienveillant envers les animaux.<\/li>\n<\/ul>\n\n\n\n<p>L&#8217;exposition canine internationale de Lucerne 2024 montre que des am\u00e9liorations sont possibles lorsque toutes les parties prenantes assument leurs responsabilit\u00e9s et placent la protection des animaux au centre de leurs pr\u00e9occupations. Il reste toutefois n\u00e9cessaire d&#8217;agir pour que les expositions canines deviennent v\u00e9ritablement un mod\u00e8le en mati\u00e8re de comportement respectueux et digne envers les animaux.<\/p>\n\n\n<\/div>\n<\/div>\n","protected":false},"excerpt":{"rendered":"<p>L&#8217;exposition canine internationale de Lucerne 2024 est l&#8217;un des \u00e9v\u00e9nements consacr\u00e9s aux animaux les plus importants de Suisse. Elle a attir\u00e9 des milliers de chiens de races tr\u00e8s diverses ainsi que de nombreux visiteurs \u00e0 l&#8217;Allmend de Lucerne.<\/p>\n","protected":false},"featured_media":2843,"template":"","meta":{"_acf_changed":false,"inline_featured_image":false,"_vp_format_video_url":"","_vp_image_focal_point":[],"footnotes":""},"exhibit-category":[134],"exhibit-tag":[133],"class_list":["post-6140","exhibit","type-exhibit","status-publish","has-post-thumbnail","hentry","exhibit-category-expositions-animales","exhibit-tag-update"],"acf":[],"yoast_head":"<!-- This site is optimized with the Yoast SEO Premium plugin v27.4 (Yoast SEO v27.4) - https:\/\/yoast.com\/product\/yoast-seo-premium-wordpress\/ -->\n<title>Exposition canine internationale \u00e0 Lucerne - Protection Suisse des Animaux PSA<\/title>\n<meta name=\"description\" content=\"La Protection Suisse des Animaux PSA s&#039;engage en faveur de rapports transparents. Pour en savoir plus, cliquez ici.\" \/>\n<meta name=\"robots\" content=\"index, follow, max-snippet:-1, max-image-preview:large, max-video-preview:-1\" \/>\n<link rel=\"canonical\" href=\"https:\/\/mail.schweizertierschutz.ch\/fr\/exhibit\/exposition-canine-internationale-a-lucerne\/\" \/>\n<meta property=\"og:locale\" content=\"fr_FR\" \/>\n<meta property=\"og:type\" content=\"article\" \/>\n<meta property=\"og:title\" content=\"Exposition canine internationale \u00e0 Lucerne\" \/>\n<meta property=\"og:description\" content=\"La Protection Suisse des Animaux PSA s&#039;engage en faveur de rapports transparents. Pour en savoir plus, cliquez ici.\" \/>\n<meta property=\"og:url\" content=\"https:\/\/mail.schweizertierschutz.ch\/fr\/exhibit\/exposition-canine-internationale-a-lucerne\/\" \/>\n<meta property=\"og:site_name\" content=\"Protection Suisse des Animaux PSA\" \/>\n<meta property=\"article:publisher\" content=\"https:\/\/www.facebook.com\/schweizertierschutz\/\" \/>\n<meta property=\"article:modified_time\" content=\"2025-09-03T09:45:23+00:00\" \/>\n<meta property=\"og:image\" content=\"https:\/\/mail.protezione-animali-psa.ch\/app\/uploads\/2023\/06\/STS-Internationale-Hundeaustellung-Luzern.jpg\" \/>\n\t<meta property=\"og:image:width\" content=\"975\" \/>\n\t<meta property=\"og:image:height\" content=\"640\" \/>\n\t<meta property=\"og:image:type\" content=\"image\/jpeg\" \/>\n<meta name=\"twitter:card\" content=\"summary_large_image\" \/>\n<meta name=\"twitter:label1\" content=\"Dur\u00e9e de lecture estim\u00e9e\" \/>\n\t<meta name=\"twitter:data1\" content=\"4 minutes\" \/>\n<script type=\"application\/ld+json\" class=\"yoast-schema-graph\">{\"@context\":\"https:\\\/\\\/schema.org\",\"@graph\":[{\"@type\":\"WebPage\",\"@id\":\"https:\\\/\\\/mail.schweizertierschutz.ch\\\/fr\\\/exhibit\\\/exposition-canine-internationale-a-lucerne\\\/\",\"url\":\"https:\\\/\\\/mail.schweizertierschutz.ch\\\/fr\\\/exhibit\\\/exposition-canine-internationale-a-lucerne\\\/\",\"name\":\"Exposition canine internationale \u00e0 Lucerne - Protection Suisse des Animaux PSA\",\"isPartOf\":{\"@id\":\"https:\\\/\\\/tierschutz.com\\\/it\\\/#website\"},\"primaryImageOfPage\":{\"@id\":\"https:\\\/\\\/mail.schweizertierschutz.ch\\\/fr\\\/exhibit\\\/exposition-canine-internationale-a-lucerne\\\/#primaryimage\"},\"image\":{\"@id\":\"https:\\\/\\\/mail.schweizertierschutz.ch\\\/fr\\\/exhibit\\\/exposition-canine-internationale-a-lucerne\\\/#primaryimage\"},\"thumbnailUrl\":\"https:\\\/\\\/mail.schweizertierschutz.ch\\\/app\\\/uploads\\\/2023\\\/06\\\/STS-Internationale-Hundeaustellung-Luzern.jpg\",\"datePublished\":\"2024-08-25T11:23:00+00:00\",\"dateModified\":\"2025-09-03T09:45:23+00:00\",\"description\":\"La Protection Suisse des Animaux PSA s'engage en faveur de rapports transparents. Pour en savoir plus, cliquez ici.\",\"breadcrumb\":{\"@id\":\"https:\\\/\\\/mail.schweizertierschutz.ch\\\/fr\\\/exhibit\\\/exposition-canine-internationale-a-lucerne\\\/#breadcrumb\"},\"inLanguage\":\"fr-FR\",\"potentialAction\":[{\"@type\":\"ReadAction\",\"target\":[\"https:\\\/\\\/mail.schweizertierschutz.ch\\\/fr\\\/exhibit\\\/exposition-canine-internationale-a-lucerne\\\/\"]}]},{\"@type\":\"ImageObject\",\"inLanguage\":\"fr-FR\",\"@id\":\"https:\\\/\\\/mail.schweizertierschutz.ch\\\/fr\\\/exhibit\\\/exposition-canine-internationale-a-lucerne\\\/#primaryimage\",\"url\":\"https:\\\/\\\/mail.schweizertierschutz.ch\\\/app\\\/uploads\\\/2023\\\/06\\\/STS-Internationale-Hundeaustellung-Luzern.jpg\",\"contentUrl\":\"https:\\\/\\\/mail.schweizertierschutz.ch\\\/app\\\/uploads\\\/2023\\\/06\\\/STS-Internationale-Hundeaustellung-Luzern.jpg\",\"width\":975,\"height\":640,\"caption\":\"Ein weiss braun schwarzer Hund an einer Leine der nach oben schaut\"},{\"@type\":\"BreadcrumbList\",\"@id\":\"https:\\\/\\\/mail.schweizertierschutz.ch\\\/fr\\\/exhibit\\\/exposition-canine-internationale-a-lucerne\\\/#breadcrumb\",\"itemListElement\":[{\"@type\":\"ListItem\",\"position\":1,\"name\":\"Page d\u2019accueil\",\"item\":\"https:\\\/\\\/mail.swiss-animal-protection.ch\\\/fr\\\/\"},{\"@type\":\"ListItem\",\"position\":2,\"name\":\"Berichte\",\"item\":\"https:\\\/\\\/mail.schweizertierschutz.ch\\\/fr\\\/exhibit\\\/\"},{\"@type\":\"ListItem\",\"position\":3,\"name\":\"Exposition canine internationale \u00e0 Lucerne\"}]},{\"@type\":\"WebSite\",\"@id\":\"https:\\\/\\\/tierschutz.com\\\/it\\\/#website\",\"url\":\"https:\\\/\\\/tierschutz.com\\\/it\\\/\",\"name\":\"tierschutz.com\",\"description\":\"Wir setzen uns f\u00fcr das Wohl der Tiere ein.\",\"publisher\":{\"@id\":\"https:\\\/\\\/tierschutz.com\\\/it\\\/#organization\"},\"alternateName\":\"Schweizer Tierschutz STS\",\"potentialAction\":[{\"@type\":\"SearchAction\",\"target\":{\"@type\":\"EntryPoint\",\"urlTemplate\":\"https:\\\/\\\/tierschutz.com\\\/it\\\/?s={search_term_string}\"},\"query-input\":{\"@type\":\"PropertyValueSpecification\",\"valueRequired\":true,\"valueName\":\"search_term_string\"}}],\"inLanguage\":\"fr-FR\"},{\"@type\":\"Organization\",\"@id\":\"https:\\\/\\\/tierschutz.com\\\/it\\\/#organization\",\"name\":\"Schweizer Tierschutz STS\",\"alternateName\":\"STS\",\"url\":\"https:\\\/\\\/tierschutz.com\\\/it\\\/\",\"logo\":{\"@type\":\"ImageObject\",\"inLanguage\":\"fr-FR\",\"@id\":\"https:\\\/\\\/tierschutz.com\\\/it\\\/#\\\/schema\\\/logo\\\/image\\\/\",\"url\":\"https:\\\/\\\/mail.schweizertierschutz.ch\\\/app\\\/uploads\\\/2024\\\/04\\\/logo-schweizer-tierschutz-sts-1.svg\",\"contentUrl\":\"https:\\\/\\\/mail.schweizertierschutz.ch\\\/app\\\/uploads\\\/2024\\\/04\\\/logo-schweizer-tierschutz-sts-1.svg\",\"caption\":\"Schweizer Tierschutz STS\"},\"image\":{\"@id\":\"https:\\\/\\\/tierschutz.com\\\/it\\\/#\\\/schema\\\/logo\\\/image\\\/\"},\"sameAs\":[\"https:\\\/\\\/www.facebook.com\\\/schweizertierschutz\\\/\",\"https:\\\/\\\/www.instagram.com\\\/schweizertierschutzsts\\\/\",\"https:\\\/\\\/www.youtube.com\\\/@STS_Tierschutz\",\"https:\\\/\\\/www.linkedin.com\\\/company\\\/schweizertierschutzsts\\\/\"],\"description\":\"Der Schweizer Tierschutz STS ist der Dachverband von 71 Tierschutzorganisationen in allen Sprachregionen der Schweiz und in Liechtenstein. Seine Mitarbeitenden leisten wissenschaftlich fundierte Grundlagenarbeit, setzen sich mit Projekten und Aktionen f\u00fcr den Schutz und das Wohlbefinden von Heim-, Wild-, Nutz- und Versuchstieren ein und sensibilisieren die \u00d6ffentlichkeit f\u00fcr Tierschutzthemen.\",\"email\":\"sts@tierschutz.com\",\"telephone\":\"061 365 99 99\",\"legalName\":\"Schweizer Tierschutz STS\"}]}<\/script>\n<!-- \/ Yoast SEO Premium plugin. -->","yoast_head_json":{"title":"Exposition canine internationale \u00e0 Lucerne - Protection Suisse des Animaux PSA","description":"La Protection Suisse des Animaux PSA s'engage en faveur de rapports transparents. Pour en savoir plus, cliquez ici.","robots":{"index":"index","follow":"follow","max-snippet":"max-snippet:-1","max-image-preview":"max-image-preview:large","max-video-preview":"max-video-preview:-1"},"canonical":"https:\/\/mail.schweizertierschutz.ch\/fr\/exhibit\/exposition-canine-internationale-a-lucerne\/","og_locale":"fr_FR","og_type":"article","og_title":"Exposition canine internationale \u00e0 Lucerne","og_description":"La Protection Suisse des Animaux PSA s'engage en faveur de rapports transparents. Pour en savoir plus, cliquez ici.","og_url":"https:\/\/mail.schweizertierschutz.ch\/fr\/exhibit\/exposition-canine-internationale-a-lucerne\/","og_site_name":"Protection Suisse des Animaux PSA","article_publisher":"https:\/\/www.facebook.com\/schweizertierschutz\/","article_modified_time":"2025-09-03T09:45:23+00:00","og_image":[{"width":975,"height":640,"url":"https:\/\/mail.protezione-animali-psa.ch\/app\/uploads\/2023\/06\/STS-Internationale-Hundeaustellung-Luzern.jpg","type":"image\/jpeg"}],"twitter_card":"summary_large_image","twitter_misc":{"Dur\u00e9e de lecture estim\u00e9e":"4 minutes"},"schema":{"@context":"https:\/\/schema.org","@graph":[{"@type":"WebPage","@id":"https:\/\/mail.schweizertierschutz.ch\/fr\/exhibit\/exposition-canine-internationale-a-lucerne\/","url":"https:\/\/mail.schweizertierschutz.ch\/fr\/exhibit\/exposition-canine-internationale-a-lucerne\/","name":"Exposition canine internationale \u00e0 Lucerne - Protection Suisse des Animaux PSA","isPartOf":{"@id":"https:\/\/tierschutz.com\/it\/#website"},"primaryImageOfPage":{"@id":"https:\/\/mail.schweizertierschutz.ch\/fr\/exhibit\/exposition-canine-internationale-a-lucerne\/#primaryimage"},"image":{"@id":"https:\/\/mail.schweizertierschutz.ch\/fr\/exhibit\/exposition-canine-internationale-a-lucerne\/#primaryimage"},"thumbnailUrl":"https:\/\/mail.schweizertierschutz.ch\/app\/uploads\/2023\/06\/STS-Internationale-Hundeaustellung-Luzern.jpg","datePublished":"2024-08-25T11:23:00+00:00","dateModified":"2025-09-03T09:45:23+00:00","description":"La Protection Suisse des Animaux PSA s'engage en faveur de rapports transparents. Pour en savoir plus, cliquez ici.","breadcrumb":{"@id":"https:\/\/mail.schweizertierschutz.ch\/fr\/exhibit\/exposition-canine-internationale-a-lucerne\/#breadcrumb"},"inLanguage":"fr-FR","potentialAction":[{"@type":"ReadAction","target":["https:\/\/mail.schweizertierschutz.ch\/fr\/exhibit\/exposition-canine-internationale-a-lucerne\/"]}]},{"@type":"ImageObject","inLanguage":"fr-FR","@id":"https:\/\/mail.schweizertierschutz.ch\/fr\/exhibit\/exposition-canine-internationale-a-lucerne\/#primaryimage","url":"https:\/\/mail.schweizertierschutz.ch\/app\/uploads\/2023\/06\/STS-Internationale-Hundeaustellung-Luzern.jpg","contentUrl":"https:\/\/mail.schweizertierschutz.ch\/app\/uploads\/2023\/06\/STS-Internationale-Hundeaustellung-Luzern.jpg","width":975,"height":640,"caption":"Ein weiss braun schwarzer Hund an einer Leine der nach oben schaut"},{"@type":"BreadcrumbList","@id":"https:\/\/mail.schweizertierschutz.ch\/fr\/exhibit\/exposition-canine-internationale-a-lucerne\/#breadcrumb","itemListElement":[{"@type":"ListItem","position":1,"name":"Page d\u2019accueil","item":"https:\/\/mail.swiss-animal-protection.ch\/fr\/"},{"@type":"ListItem","position":2,"name":"Berichte","item":"https:\/\/mail.schweizertierschutz.ch\/fr\/exhibit\/"},{"@type":"ListItem","position":3,"name":"Exposition canine internationale \u00e0 Lucerne"}]},{"@type":"WebSite","@id":"https:\/\/tierschutz.com\/it\/#website","url":"https:\/\/tierschutz.com\/it\/","name":"tierschutz.com","description":"Wir setzen uns f\u00fcr das Wohl der Tiere ein.","publisher":{"@id":"https:\/\/tierschutz.com\/it\/#organization"},"alternateName":"Schweizer Tierschutz STS","potentialAction":[{"@type":"SearchAction","target":{"@type":"EntryPoint","urlTemplate":"https:\/\/tierschutz.com\/it\/?s={search_term_string}"},"query-input":{"@type":"PropertyValueSpecification","valueRequired":true,"valueName":"search_term_string"}}],"inLanguage":"fr-FR"},{"@type":"Organization","@id":"https:\/\/tierschutz.com\/it\/#organization","name":"Schweizer Tierschutz STS","alternateName":"STS","url":"https:\/\/tierschutz.com\/it\/","logo":{"@type":"ImageObject","inLanguage":"fr-FR","@id":"https:\/\/tierschutz.com\/it\/#\/schema\/logo\/image\/","url":"https:\/\/mail.schweizertierschutz.ch\/app\/uploads\/2024\/04\/logo-schweizer-tierschutz-sts-1.svg","contentUrl":"https:\/\/mail.schweizertierschutz.ch\/app\/uploads\/2024\/04\/logo-schweizer-tierschutz-sts-1.svg","caption":"Schweizer Tierschutz STS"},"image":{"@id":"https:\/\/tierschutz.com\/it\/#\/schema\/logo\/image\/"},"sameAs":["https:\/\/www.facebook.com\/schweizertierschutz\/","https:\/\/www.instagram.com\/schweizertierschutzsts\/","https:\/\/www.youtube.com\/@STS_Tierschutz","https:\/\/www.linkedin.com\/company\/schweizertierschutzsts\/"],"description":"Der Schweizer Tierschutz STS ist der Dachverband von 71 Tierschutzorganisationen in allen Sprachregionen der Schweiz und in Liechtenstein. Seine Mitarbeitenden leisten wissenschaftlich fundierte Grundlagenarbeit, setzen sich mit Projekten und Aktionen f\u00fcr den Schutz und das Wohlbefinden von Heim-, Wild-, Nutz- und Versuchstieren ein und sensibilisieren die \u00d6ffentlichkeit f\u00fcr Tierschutzthemen.","email":"sts@tierschutz.com","telephone":"061 365 99 99","legalName":"Schweizer Tierschutz STS"}]}},"_links":{"self":[{"href":"https:\/\/mail.schweizertierschutz.ch\/fr\/wp-json\/wp\/v2\/exhibit\/6140","targetHints":{"allow":["GET"]}}],"collection":[{"href":"https:\/\/mail.schweizertierschutz.ch\/fr\/wp-json\/wp\/v2\/exhibit"}],"about":[{"href":"https:\/\/mail.schweizertierschutz.ch\/fr\/wp-json\/wp\/v2\/types\/exhibit"}],"version-history":[{"count":6,"href":"https:\/\/mail.schweizertierschutz.ch\/fr\/wp-json\/wp\/v2\/exhibit\/6140\/revisions"}],"predecessor-version":[{"id":33548,"href":"https:\/\/mail.schweizertierschutz.ch\/fr\/wp-json\/wp\/v2\/exhibit\/6140\/revisions\/33548"}],"wp:featuredmedia":[{"embeddable":true,"href":"https:\/\/mail.schweizertierschutz.ch\/fr\/wp-json\/wp\/v2\/media\/2843"}],"wp:attachment":[{"href":"https:\/\/mail.schweizertierschutz.ch\/fr\/wp-json\/wp\/v2\/media?parent=6140"}],"wp:term":[{"taxonomy":"exhibit-category","embeddable":true,"href":"https:\/\/mail.schweizertierschutz.ch\/fr\/wp-json\/wp\/v2\/exhibit-category?post=6140"},{"taxonomy":"exhibit-tag","embeddable":true,"href":"https:\/\/mail.schweizertierschutz.ch\/fr\/wp-json\/wp\/v2\/exhibit-tag?post=6140"}],"curies":[{"name":"wp","href":"https:\/\/api.w.org\/{rel}","templated":true}]}}